{"id":862,"date":"2022-12-26T08:44:21","date_gmt":"2022-12-26T08:44:21","guid":{"rendered":"https:\/\/paulhair.qodeinteractive.com\/?page_id=862"},"modified":"2025-10-02T14:39:37","modified_gmt":"2025-10-02T12:39:37","slug":"our-team","status":"publish","type":"page","link":"https:\/\/ebrucutandcare.de\/index.php\/our-team\/","title":{"rendered":"Mein team"},"content":{"rendered":"\t\t<div data-elementor-type=\"wp-page\" data-elementor-id=\"862\" class=\"elementor elementor-862\">\n\t\t\t\t\t\t<section class=\"elementor-section elementor-top-section elementor-element elementor-element-d60b576 elementor-section-full_width qodef-elementor-content-grid elementor-section-height-default elementor-section-height-default\" data-id=\"d60b576\" data-element_type=\"section\">\n\t\t\t\t\t\t<div class=\"elementor-container elementor-column-gap-default\">\n\t\t\t\t\t<div class=\"elementor-column elementor-col-100 elementor-top-column elementor-element elementor-element-077c5cf\" data-id=\"077c5cf\" data-element_type=\"column\">\n\t\t\t<div class=\"elementor-widget-wrap elementor-element-populated\">\n\t\t\t\t\t\t<div class=\"elementor-element elementor-element-2b6b7ff elementor-widget elementor-widget-paulhair_core_section_title\" data-id=\"2b6b7ff\" data-element_type=\"widget\" data-widget_type=\"paulhair_core_section_title.default\">\n\t\t\t\t<div class=\"elementor-widget-container\">\n\t\t\t<div class=\"qodef-shortcode qodef-m  qodef-section-title qodef-alignment--center qodef-title-break--disabled\">\n\t\t\t<h2 class=\"qodef-m-title\" >\n\t\t\t\t\tUnser creative team<br \/>\t\t\t<\/h2>\n\t<\/div>\n\t\t<\/div>\n\t\t\t\t<\/div>\n\t\t\t\t\t<\/div>\n\t\t<\/div>\n\t\t\t\t\t<\/div>\n\t\t<\/section>\n\t\t\t\t<section class=\"elementor-section elementor-top-section elementor-element elementor-element-a0888d6 elementor-section-full_width qodef-elementor-content-grid elementor-section-height-default elementor-section-height-default\" data-id=\"a0888d6\" data-element_type=\"section\">\n\t\t\t\t\t\t<div class=\"elementor-container elementor-column-gap-default\">\n\t\t\t\t\t<div class=\"elementor-column elementor-col-100 elementor-top-column elementor-element elementor-element-c1e13f9\" data-id=\"c1e13f9\" data-element_type=\"column\">\n\t\t\t<div class=\"elementor-widget-wrap elementor-element-populated\">\n\t\t\t\t\t\t<div class=\"elementor-element elementor-element-b740b9a elementor-widget elementor-widget-paulhair_core_team_list\" data-id=\"b740b9a\" data-element_type=\"widget\" data-widget_type=\"paulhair_core_team_list.default\">\n\t\t\t\t<div class=\"elementor-widget-container\">\n\t\t\t<div class=\"qodef-shortcode qodef-m  qodef-team-list qodef-item-layout--info-below qodef-grid qodef-layout--columns  qodef-gutter--normal qodef-col-num--3 qodef-item-layout--info-below qodef-pagination--off qodef-responsive--custom qodef-col-num--1440--3 qodef-col-num--1366--3 qodef-col-num--1024--3 qodef-col-num--768--1 qodef-col-num--680--1 qodef-col-num--480--1\" data-options=\"{&quot;plugin&quot;:&quot;paulhair_core&quot;,&quot;module&quot;:&quot;post-types\\\/team\\\/shortcodes&quot;,&quot;shortcode&quot;:&quot;team-list&quot;,&quot;post_type&quot;:&quot;team&quot;,&quot;next_page&quot;:&quot;2&quot;,&quot;max_pages_num&quot;:1,&quot;behavior&quot;:&quot;columns&quot;,&quot;images_proportion&quot;:&quot;full&quot;,&quot;columns&quot;:&quot;3&quot;,&quot;columns_responsive&quot;:&quot;custom&quot;,&quot;columns_1440&quot;:&quot;3&quot;,&quot;columns_1366&quot;:&quot;3&quot;,&quot;columns_1024&quot;:&quot;3&quot;,&quot;columns_768&quot;:&quot;1&quot;,&quot;columns_680&quot;:&quot;1&quot;,&quot;columns_480&quot;:&quot;1&quot;,&quot;space&quot;:&quot;normal&quot;,&quot;posts_per_page&quot;:&quot;6&quot;,&quot;orderby&quot;:&quot;date&quot;,&quot;order&quot;:&quot;ASC&quot;,&quot;additional_params&quot;:&quot;tax&quot;,&quot;tax&quot;:&quot;team-category&quot;,&quot;tax_slug&quot;:&quot;hair&quot;,&quot;layout&quot;:&quot;info-below&quot;,&quot;title_tag&quot;:&quot;h4&quot;,&quot;pagination_type&quot;:&quot;no-pagination&quot;,&quot;object_class_name&quot;:&quot;PaulHairCore_Team_List_Shortcode&quot;,&quot;taxonomy_filter&quot;:&quot;team-category&quot;,&quot;additional_query_args&quot;:{&quot;tax_query&quot;:[{&quot;taxonomy&quot;:&quot;team-category&quot;,&quot;field&quot;:&quot;slug&quot;,&quot;terms&quot;:&quot;hair&quot;}]},&quot;item_classes&quot;:&quot;qodef-e qodef-grid-item &quot;,&quot;space_value&quot;:15}\">\n\t\t<div class=\"qodef-grid-inner\">\n\t\t<div class=\"qodef-e qodef-grid-item  post-2489 team type-team status-publish has-post-thumbnail hentry team-category-hair\">\n\t<div class=\"qodef-e-inner\">\n\t\t<div class=\"qodef-e-image\">\n\t\t\t\t<div class=\"qodef-e-media-image\">\n\t\t\t\t\t<img fetchpriority=\"high\" decoding=\"async\" width=\"500\" height=\"500\" src=\"https:\/\/ebrucutandcare.de\/wp-content\/uploads\/2023\/01\/Ebru-neu_.jpg\" class=\"attachment-full size-full wp-post-image\" alt=\"\" srcset=\"https:\/\/ebrucutandcare.de\/wp-content\/uploads\/2023\/01\/Ebru-neu_.jpg 500w, https:\/\/ebrucutandcare.de\/wp-content\/uploads\/2023\/01\/Ebru-neu_-300x300.jpg 300w, https:\/\/ebrucutandcare.de\/wp-content\/uploads\/2023\/01\/Ebru-neu_-150x150.jpg 150w\" sizes=\"(max-width: 500px) 100vw, 500px\" \/>\t\t\t<\/div>\n\t\t\t<div class=\"qodef-e-content-on-hover\">\n\t\t\t\t\t<div class=\"qodef-team-member-social-icons\">\n\t\t\t\t\t\t\t<a class=\"qodef-team-member-social-icon\" href=\"https:\/\/www.instagram.com\/ebrucutandcare\" target=\"_blank\">\n\t\t\t\t\t\t<span class=\"qodef-icon-font-awesome fab fa-instagram\" ><\/span>\t\t\t\t\t<\/a>\n\t\t\t\t\t\t\t\t\t\t<\/div>\n\t\t\t<\/div>\n\t\t<\/div>\n\t\t<div class=\"qodef-e-content\" >\n\t\t\t<h4 itemprop=\"name\" class=\"qodef-e-title entry-title\" >\n\t\t\tEbru\t<\/h4>\n\t\t\t\t<p class=\"qodef-e-role\">Inhaberin & Top-Stylistin<\/p>\n\t\t\t\t<p class=\"qodef-e-short-bio\">Willkommen bei Ebru, der Inhaberin und Top-Stylistin mit einem beeindruckenden 21-j\u00e4hrigen Erfahrungsschatz bei der Keller Company und den letzten 7 Jahren in der Selbst\u00e4ndig-keit. Ihr Portfolio spiegelt nicht nur ihre fachliche Expertise wieder, sondern erz\u00e4hlt auch eine Geschichte von Kreativit\u00e4t, Liebe zum Detail und umfangreichem Know-how. Ebru begleitet Sie auf Ihrer pers\u00f6nlichen Entdeckungsreise, k\u00fcmmert sich mit Hingabe um Ihr Haar und l\u00e4sst es mit Strahlen und Glanz erbl\u00fchen. Ihr Verst\u00e4ndnis daf\u00fcr, dass gesundes Haar nicht nur sichtbar, sondern auch f\u00fchlbar ist, macht sie zu einer einzigartigen Begleiterin auf Ihrem Sch\u00f6nheitsweg.<\/p>\n\t\t\t\t\t<\/div>\n\t<\/div>\n<\/div>\n<div class=\"qodef-e qodef-grid-item  post-5171 team type-team status-publish has-post-thumbnail hentry team-category-hair\">\n\t<div class=\"qodef-e-inner\">\n\t\t<div class=\"qodef-e-image\">\n\t\t\t\t<div class=\"qodef-e-media-image\">\n\t\t\t\t\t<img decoding=\"async\" width=\"500\" height=\"500\" src=\"https:\/\/ebrucutandcare.de\/wp-content\/uploads\/2025\/10\/Tanja.jpg\" class=\"attachment-full size-full wp-post-image\" alt=\"\" srcset=\"https:\/\/ebrucutandcare.de\/wp-content\/uploads\/2025\/10\/Tanja.jpg 500w, https:\/\/ebrucutandcare.de\/wp-content\/uploads\/2025\/10\/Tanja-300x300.jpg 300w, https:\/\/ebrucutandcare.de\/wp-content\/uploads\/2025\/10\/Tanja-150x150.jpg 150w\" sizes=\"(max-width: 500px) 100vw, 500px\" \/>\t\t\t<\/div>\n\t\t\t<div class=\"qodef-e-content-on-hover\">\n\t\t\t\t\t\t\t<\/div>\n\t\t<\/div>\n\t\t<div class=\"qodef-e-content\" >\n\t\t\t<h4 itemprop=\"name\" class=\"qodef-e-title entry-title\" >\n\t\t\tTanja\t<\/h4>\n\t\t\t\t<p class=\"qodef-e-role\">Top-Stylistin<\/p>\n\t\t\t\t<p class=\"qodef-e-short-bio\">Mit 39 Jahren Berufserfahrung z\u00e4hlt Tanja zu den erfahrensten und kreativsten Stylistinnen ihres Fachs. Ihre Liebe zum Detail zeigt sich in jedem Haarschnitt, jeder Farbe und jedem Styling. Ob klassisch-elegant, modern oder trendbewusst \u2013 Tanja versteht es, den individuellen Typ ihrer Kundinnen und Kunden perfekt zu unterstreichen.\r\nMit einem geschulten Blick f\u00fcr Formen, Farben und Proportionen verwandelt sie jeden Look in ein harmonisches Gesamtbild. Kreativit\u00e4t, Pr\u00e4zision und echte Leidenschaft f\u00fcr ihr Handwerk machen Tanja zu einer Top-Stylistin, der man sein Haar mit gutem Gef\u00fchl anvertraut.<\/p>\n\t\t\t\t\t<\/div>\n\t<\/div>\n<\/div>\n<div class=\"qodef-e qodef-grid-item  post-5088 team type-team status-publish has-post-thumbnail hentry team-category-hair\">\n\t<div class=\"qodef-e-inner\">\n\t\t<div class=\"qodef-e-image\">\n\t\t\t\t<div class=\"qodef-e-media-image\">\n\t\t\t\t\t<img decoding=\"async\" width=\"500\" height=\"500\" src=\"https:\/\/ebrucutandcare.de\/wp-content\/uploads\/2024\/02\/Jessika.jpg\" class=\"attachment-full size-full wp-post-image\" alt=\"\" srcset=\"https:\/\/ebrucutandcare.de\/wp-content\/uploads\/2024\/02\/Jessika.jpg 500w, https:\/\/ebrucutandcare.de\/wp-content\/uploads\/2024\/02\/Jessika-300x300.jpg 300w, https:\/\/ebrucutandcare.de\/wp-content\/uploads\/2024\/02\/Jessika-150x150.jpg 150w\" sizes=\"(max-width: 500px) 100vw, 500px\" \/>\t\t\t<\/div>\n\t\t\t<div class=\"qodef-e-content-on-hover\">\n\t\t\t\t\t\t\t<\/div>\n\t\t<\/div>\n\t\t<div class=\"qodef-e-content\" >\n\t\t\t<h4 itemprop=\"name\" class=\"qodef-e-title entry-title\" >\n\t\t\tJessika\t<\/h4>\n\t\t\t\t<p class=\"qodef-e-role\">Top-Stylistin<\/p>\n\t\t\t\t<p class=\"qodef-e-short-bio\">Jessika ist unsere junge, frische Gesellin, die ihren Beruf von Herzen liebt. Mit viel Pr\u00e4zision, Kreativit\u00e4t und einem sicheren Gesp\u00fcr f\u00fcr Trends bringt sie immer wieder neue Ideen in den Salon. Besonders Haarfarben, Str\u00e4hnen und moderne Techniken geh\u00f6ren zu ihren St\u00e4rken. Sie liebt es, Ver\u00e4nderungen zu gestalten und die W\u00fcnsche der jungen Generation perfekt umzusetzen.\r\nNeben ihrem Talent am Schnitt und bei Farbtechniken ist Jessika auch deine Expertin f\u00fcr Braut-Make-up, Abend-Make-up und Tages-Make-up \u2013 immer typgerecht, modern und individuell abgestimmt.<\/p>\n\t\t\t\t\t<\/div>\n\t<\/div>\n<\/div>\n<div class=\"qodef-e qodef-grid-item  post-2491 team type-team status-publish has-post-thumbnail hentry team-category-hair\">\n\t<div class=\"qodef-e-inner\">\n\t\t<div class=\"qodef-e-image\">\n\t\t\t\t<div class=\"qodef-e-media-image\">\n\t\t\t\t\t<img loading=\"lazy\" decoding=\"async\" width=\"500\" height=\"500\" src=\"https:\/\/ebrucutandcare.de\/wp-content\/uploads\/2025\/02\/Reka.jpg\" class=\"attachment-full size-full wp-post-image\" alt=\"\" srcset=\"https:\/\/ebrucutandcare.de\/wp-content\/uploads\/2025\/02\/Reka.jpg 500w, https:\/\/ebrucutandcare.de\/wp-content\/uploads\/2025\/02\/Reka-300x300.jpg 300w, https:\/\/ebrucutandcare.de\/wp-content\/uploads\/2025\/02\/Reka-150x150.jpg 150w\" sizes=\"(max-width: 500px) 100vw, 500px\" \/>\t\t\t<\/div>\n\t\t\t<div class=\"qodef-e-content-on-hover\">\n\t\t\t\t\t\t\t<\/div>\n\t\t<\/div>\n\t\t<div class=\"qodef-e-content\" >\n\t\t\t<h4 itemprop=\"name\" class=\"qodef-e-title entry-title\" >\n\t\t\tReka\t<\/h4>\n\t\t\t\t<p class=\"qodef-e-role\">Top-Stylistin<\/p>\n\t\t\t\t<p class=\"qodef-e-short-bio\">Reka ist erfahrene Hairstylistin und f\u00fchrte in ihrer Heimat bereits erfolgreich ihren eigenen Salon. Nach ihrem Umzug nach Deutschland hat sie sich ihren Herzenswunsch erf\u00fcllt und bereichert nun unser Team mit ihrem K\u00f6nnen, ihrer Kreativit\u00e4t und ihrer Leidenschaft f\u00fcr sch\u00f6nes Haar.<\/p>\n\t\t\t\t\t<\/div>\n\t<\/div>\n<\/div>\n<div class=\"qodef-e qodef-grid-item  post-5235 team type-team status-publish has-post-thumbnail hentry team-category-hair\">\n\t<div class=\"qodef-e-inner\">\n\t\t<div class=\"qodef-e-image\">\n\t\t\t\t<div class=\"qodef-e-media-image\">\n\t\t\t\t\t<img loading=\"lazy\" decoding=\"async\" width=\"500\" height=\"500\" src=\"https:\/\/ebrucutandcare.de\/wp-content\/uploads\/2025\/09\/Anita-Nikolic.jpg\" class=\"attachment-full size-full wp-post-image\" alt=\"\" srcset=\"https:\/\/ebrucutandcare.de\/wp-content\/uploads\/2025\/09\/Anita-Nikolic.jpg 500w, https:\/\/ebrucutandcare.de\/wp-content\/uploads\/2025\/09\/Anita-Nikolic-300x300.jpg 300w, https:\/\/ebrucutandcare.de\/wp-content\/uploads\/2025\/09\/Anita-Nikolic-150x150.jpg 150w\" sizes=\"(max-width: 500px) 100vw, 500px\" \/>\t\t\t<\/div>\n\t\t\t<div class=\"qodef-e-content-on-hover\">\n\t\t\t\t\t\t\t<\/div>\n\t\t<\/div>\n\t\t<div class=\"qodef-e-content\" >\n\t\t\t<h4 itemprop=\"name\" class=\"qodef-e-title entry-title\" >\n\t\t\tAnita\t<\/h4>\n\t\t\t\t<p class=\"qodef-e-role\">Top-Stylistin<\/p>\n\t\t\t\t<p class=\"qodef-e-short-bio\">Anita ist eine erfahrene Friseurin mit langj\u00e4hriger Berufserfahrung im Damen- und Herrenbereich. Mit viel Liebe zum Detail, einem sicheren Gesp\u00fcr f\u00fcr Trends und einem hohen Anspruch an Qualit\u00e4t zaubert sie individuelle Looks, die perfekt zu jedem Typ passen.\r\n\r\nIhre Kundinnen und Kunden sch\u00e4tzen besonders ihre ruhige, herzliche Art und ihre Professionalit\u00e4t, mit der sie jeden Besuch zu einem angenehmen Erlebnis macht.\r\n\r\nBei Ebru Cut and Care ist Anita die richtige Ansprechpartnerin, wenn es um perfekte Schnitte, brillante Farben und typgerechtes Styling geht.<\/p>\n\t\t\t\t\t<\/div>\n\t<\/div>\n<\/div>\n\t<\/div>\n\t<\/div>\n\t\t<\/div>\n\t\t\t\t<\/div>\n\t\t\t\t\t<\/div>\n\t\t<\/div>\n\t\t\t\t\t<\/div>\n\t\t<\/section>\n\t\t\t\t<section class=\"elementor-section elementor-top-section elementor-element elementor-element-3a8f68a elementor-section-boxed elementor-section-height-default elementor-section-height-default\" data-id=\"3a8f68a\" data-element_type=\"section\" data-settings=\"{&quot;background_background&quot;:&quot;classic&quot;}\">\n\t\t\t\t\t\t<div class=\"elementor-container elementor-column-gap-default\">\n\t\t\t\t\t<div class=\"elementor-column elementor-col-100 elementor-top-column elementor-element elementor-element-b929a2b\" data-id=\"b929a2b\" data-element_type=\"column\">\n\t\t\t<div class=\"elementor-widget-wrap elementor-element-populated\">\n\t\t\t\t\t\t<div class=\"elementor-element elementor-element-c3bae88 elementor-widget elementor-widget-paulhair_core_clients_list\" data-id=\"c3bae88\" data-element_type=\"widget\" data-widget_type=\"paulhair_core_clients_list.default\">\n\t\t\t\t<div class=\"elementor-widget-container\">\n\t\t\t<div class=\"qodef-shortcode qodef-m  qodef-clients-list qodef-grid qodef-layout--columns  qodef-gutter--normal qodef-col-num--6 qodef-item-layout--image-only qodef-responsive--custom qodef-col-num--1440--6 qodef-col-num--1366--6 qodef-col-num--1024--3 qodef-col-num--768--3 qodef-col-num--680--1 qodef-col-num--480--1 qodef-hover-animation--fade\" style=\"--qodef-client-initial-opacity: 1;--qodef-client-hover-opacity: .5\">\n\t<div class=\"qodef-grid-inner\">\n\t\t<p class=\"qodef-m-posts-not-found qodef-grid-item\">No posts were found for provided query parameters.<\/p>\n\t<\/div>\n<\/div>\n\t\t<\/div>\n\t\t\t\t<\/div>\n\t\t\t\t\t<\/div>\n\t\t<\/div>\n\t\t\t\t\t<\/div>\n\t\t<\/section>\n\t\t\t\t<section class=\"elementor-section elementor-top-section elementor-element elementor-element-bb1155d elementor-section-full_width elementor-section-height-default elementor-section-height-default\" data-id=\"bb1155d\" data-element_type=\"section\">\n\t\t\t\t\t\t<div class=\"elementor-container elementor-column-gap-default\">\n\t\t\t\t\t<div class=\"elementor-column elementor-col-100 elementor-top-column elementor-element elementor-element-b153e08\" data-id=\"b153e08\" data-element_type=\"column\">\n\t\t\t<div class=\"elementor-widget-wrap elementor-element-populated\">\n\t\t\t\t\t\t<div class=\"elementor-element elementor-element-35439a7 elementor-widget elementor-widget-paulhair_core_image_gallery\" data-id=\"35439a7\" data-element_type=\"widget\" data-widget_type=\"paulhair_core_image_gallery.default\">\n\t\t\t\t<div class=\"elementor-widget-container\">\n\t\t\t<div class=\"qodef-shortcode qodef-m  qodef-image-gallery qodef-magnific-popup qodef-popup-gallery  qodef-grid qodef-layout--masonry qodef-items--fixed qodef-gutter--no qodef-col-num--3  qodef-responsive--custom qodef-col-num--1440--3 qodef-col-num--1366--3 qodef-col-num--1024--2 qodef-col-num--768--2 qodef-col-num--680--1 qodef-col-num--480--1\">\n\t<div class=\"qodef-grid-inner\">\n\t\t\t<div class=\"qodef-grid-masonry-sizer\"><\/div>\n<div class=\"qodef-e qodef-image-wrapper qodef-grid-item  qodef-item--huge-square\">\n\t\t\t<a class=\"qodef-popup-item\" itemprop=\"image\" href=\"https:\/\/ebrucutandcare.de\/wp-content\/uploads\/2022\/12\/home-4-gallery-img-01.jpg\" data-type=\"image\">\n\t\t\t<img loading=\"lazy\" decoding=\"async\" width=\"1300\" height=\"1300\" src=\"https:\/\/ebrucutandcare.de\/wp-content\/uploads\/2022\/12\/home-4-gallery-img-01.jpg\" class=\"attachment-paulhair_core_image_size_huge-square size-paulhair_core_image_size_huge-square\" alt=\"a\" srcset=\"https:\/\/ebrucutandcare.de\/wp-content\/uploads\/2022\/12\/home-4-gallery-img-01.jpg 1300w, https:\/\/ebrucutandcare.de\/wp-content\/uploads\/2022\/12\/home-4-gallery-img-01-300x300.jpg 300w, https:\/\/ebrucutandcare.de\/wp-content\/uploads\/2022\/12\/home-4-gallery-img-01-1024x1024.jpg 1024w, https:\/\/ebrucutandcare.de\/wp-content\/uploads\/2022\/12\/home-4-gallery-img-01-150x150.jpg 150w, https:\/\/ebrucutandcare.de\/wp-content\/uploads\/2022\/12\/home-4-gallery-img-01-768x768.jpg 768w, https:\/\/ebrucutandcare.de\/wp-content\/uploads\/2022\/12\/home-4-gallery-img-01-650x650.jpg 650w\" sizes=\"(max-width: 1300px) 100vw, 1300px\" \/>\t\t\t<\/a>\n\t<\/div>\n<div class=\"qodef-e qodef-image-wrapper qodef-grid-item  qodef-item--full\">\n\t\t\t<a class=\"qodef-popup-item\" itemprop=\"image\" href=\"https:\/\/ebrucutandcare.de\/wp-content\/uploads\/2022\/12\/MAIN-HOME-GALLERY-IMG-12.jpg\" data-type=\"image\">\n\t\t\t<img loading=\"lazy\" decoding=\"async\" width=\"800\" height=\"800\" src=\"https:\/\/ebrucutandcare.de\/wp-content\/uploads\/2022\/12\/MAIN-HOME-GALLERY-IMG-12.jpg\" class=\"attachment-full size-full\" alt=\"g\" srcset=\"https:\/\/ebrucutandcare.de\/wp-content\/uploads\/2022\/12\/MAIN-HOME-GALLERY-IMG-12.jpg 800w, https:\/\/ebrucutandcare.de\/wp-content\/uploads\/2022\/12\/MAIN-HOME-GALLERY-IMG-12-300x300.jpg 300w, https:\/\/ebrucutandcare.de\/wp-content\/uploads\/2022\/12\/MAIN-HOME-GALLERY-IMG-12-150x150.jpg 150w, https:\/\/ebrucutandcare.de\/wp-content\/uploads\/2022\/12\/MAIN-HOME-GALLERY-IMG-12-768x768.jpg 768w, https:\/\/ebrucutandcare.de\/wp-content\/uploads\/2022\/12\/MAIN-HOME-GALLERY-IMG-12-650x650.jpg 650w\" sizes=\"(max-width: 800px) 100vw, 800px\" \/>\t\t\t<\/a>\n\t<\/div>\n<div class=\"qodef-e qodef-image-wrapper qodef-grid-item  qodef-item--full\">\n\t\t\t<a class=\"qodef-popup-item\" itemprop=\"image\" href=\"https:\/\/ebrucutandcare.de\/wp-content\/uploads\/2022\/12\/MAIN-HOME-GALLERY-IMG-07.jpg\" data-type=\"image\">\n\t\t\t<img loading=\"lazy\" decoding=\"async\" width=\"800\" height=\"800\" src=\"https:\/\/ebrucutandcare.de\/wp-content\/uploads\/2022\/12\/MAIN-HOME-GALLERY-IMG-07.jpg\" class=\"attachment-full size-full\" alt=\"D\" srcset=\"https:\/\/ebrucutandcare.de\/wp-content\/uploads\/2022\/12\/MAIN-HOME-GALLERY-IMG-07.jpg 800w, https:\/\/ebrucutandcare.de\/wp-content\/uploads\/2022\/12\/MAIN-HOME-GALLERY-IMG-07-300x300.jpg 300w, https:\/\/ebrucutandcare.de\/wp-content\/uploads\/2022\/12\/MAIN-HOME-GALLERY-IMG-07-150x150.jpg 150w, https:\/\/ebrucutandcare.de\/wp-content\/uploads\/2022\/12\/MAIN-HOME-GALLERY-IMG-07-768x768.jpg 768w, https:\/\/ebrucutandcare.de\/wp-content\/uploads\/2022\/12\/MAIN-HOME-GALLERY-IMG-07-650x650.jpg 650w\" sizes=\"(max-width: 800px) 100vw, 800px\" \/>\t\t\t<\/a>\n\t<\/div>\n\t<\/div>\n<\/div>\n\t\t<\/div>\n\t\t\t\t<\/div>\n\t\t\t\t\t<\/div>\n\t\t<\/div>\n\t\t\t\t\t<\/div>\n\t\t<\/section>\n\t\t\t\t<section class=\"elementor-section elementor-top-section elementor-element elementor-element-29be291 elementor-section-full_width qodef-elementor-content-grid elementor-section-height-default elementor-section-height-default\" data-id=\"29be291\" data-element_type=\"section\" data-settings=\"{&quot;background_background&quot;:&quot;classic&quot;}\">\n\t\t\t\t\t\t<div class=\"elementor-container elementor-column-gap-default\">\n\t\t\t\t\t<div class=\"elementor-column elementor-col-100 elementor-top-column elementor-element elementor-element-356cdb2\" data-id=\"356cdb2\" data-element_type=\"column\">\n\t\t\t<div class=\"elementor-widget-wrap elementor-element-populated\">\n\t\t\t\t\t\t<div class=\"elementor-element elementor-element-69eb48e elementor-widget elementor-widget-paulhair_core_section_title\" data-id=\"69eb48e\" data-element_type=\"widget\" data-widget_type=\"paulhair_core_section_title.default\">\n\t\t\t\t<div class=\"elementor-widget-container\">\n\t\t\t<div class=\"qodef-shortcode qodef-m  qodef-section-title qodef-alignment--center \">\n\t\t\t<h3 class=\"qodef-m-title\" >\n\t\t\t\t\tLET YOUR HAIR SHINE WITH SPECIAL OFFERS AND DEALS! SUBSCRIBE!\t\t\t<\/h3>\n\t<\/div>\n\t\t<\/div>\n\t\t\t\t<\/div>\n\t\t\t\t\t<\/div>\n\t\t<\/div>\n\t\t\t\t\t<\/div>\n\t\t<\/section>\n\t\t\t\t<section class=\"elementor-section elementor-top-section elementor-element elementor-element-5369f42 elementor-section-full_width qodef-elementor-content-grid elementor-section-height-default elementor-section-height-default\" data-id=\"5369f42\" data-element_type=\"section\">\n\t\t\t\t\t\t<div class=\"elementor-container elementor-column-gap-default\">\n\t\t\t\t\t<div class=\"qodef-background-text elementor-column elementor-col-100 elementor-top-column elementor-element elementor-element-00fcf49 qodef-background-text-disabled-on-mobile-devices--yes\" data-id=\"00fcf49\" data-element_type=\"column\">\n\t\t\t<div class=\"elementor-widget-wrap\">\n\t\t\t\t\t\t\t<\/div>\n\t\t<\/div>\n\t\t\t\t\t<\/div>\n\t\t<\/section>\n\t\t\t\t<\/div>\n\t\t","protected":false},"excerpt":{"rendered":"<p>Unser creative team Ebru Inhaberin &#038; Top-Stylist Willkommen bei Ebru, der Inhaberin und Top-Stylistin mit einem beeindruckenden 21-j\u00e4hrigen Erfahrungsschatz bei der Keller Company und den letzten 6 Jahren in der Selbst\u00e4ndig-keit. Ihr Portfolio spiegelt nicht nur ihre fachliche Expertise wieder, sondern erz\u00e4hlt auch eine Geschichte von Kreativit\u00e4t, Liebe zum Detail und umfangreichem Know-how. Ebru begleitet [&hellip;]<\/p>\n","protected":false},"author":1,"featured_media":0,"parent":0,"menu_order":0,"comment_status":"closed","ping_status":"closed","template":"page-full-width.php","meta":{"footnotes":""},"class_list":["post-862","page","type-page","status-publish","hentry"],"aioseo_notices":[],"_links":{"self":[{"href":"https:\/\/ebrucutandcare.de\/index.php\/wp-json\/wp\/v2\/pages\/862","targetHints":{"allow":["GET"]}}],"collection":[{"href":"https:\/\/ebrucutandcare.de\/index.php\/wp-json\/wp\/v2\/pages"}],"about":[{"href":"https:\/\/ebrucutandcare.de\/index.php\/wp-json\/wp\/v2\/types\/page"}],"author":[{"embeddable":true,"href":"https:\/\/ebrucutandcare.de\/index.php\/wp-json\/wp\/v2\/users\/1"}],"replies":[{"embeddable":true,"href":"https:\/\/ebrucutandcare.de\/index.php\/wp-json\/wp\/v2\/comments?post=862"}],"version-history":[{"count":60,"href":"https:\/\/ebrucutandcare.de\/index.php\/wp-json\/wp\/v2\/pages\/862\/revisions"}],"predecessor-version":[{"id":5168,"href":"https:\/\/ebrucutandcare.de\/index.php\/wp-json\/wp\/v2\/pages\/862\/revisions\/5168"}],"wp:attachment":[{"href":"https:\/\/ebrucutandcare.de\/index.php\/wp-json\/wp\/v2\/media?parent=862"}],"curies":[{"name":"wp","href":"https:\/\/api.w.org\/{rel}","templated":true}]}}